{"id":1805,"date":"2021-09-30T11:27:48","date_gmt":"2021-09-30T11:27:48","guid":{"rendered":"http:\/\/albergueweb1.uva.es\/gir_pangea\/?page_id=1805"},"modified":"2023-09-25T10:20:39","modified_gmt":"2023-09-25T10:20:39","slug":"rosa-maria-ruiz-pedrosa","status":"publish","type":"page","link":"https:\/\/albergueweb1.uva.es\/gir_pangea\/?page_id=1805","title":{"rendered":"Rosa Mar\u00eda Ruiz Pedrosa"},"content":{"rendered":"\n<p>Contratada Predoctoral <\/p>\n\n\n<div class=\"wp-block-image\">\n<figure class=\"alignleft size-large is-resized\"><a href=\"https:\/\/i0.wp.com\/albergueweb1.uva.es\/gir_pangea\/wp-content\/uploads\/2021\/09\/pp.jpg\"><img data-attachment-id=\"1809\" data-permalink=\"https:\/\/albergueweb1.uva.es\/gir_pangea\/?attachment_id=1809\" data-orig-file=\"https:\/\/i0.wp.com\/albergueweb1.uva.es\/gir_pangea\/wp-content\/uploads\/2021\/09\/pp.jpg?fit=640%2C640&amp;ssl=1\" data-orig-size=\"640,640\" data-comments-opened=\"0\" data-image-meta=\"{&quot;aperture&quot;:&quot;0&quot;,&quot;credit&quot;:&quot;&quot;,&quot;camera&quot;:&quot;&quot;,&quot;caption&quot;:&quot;&quot;,&quot;created_timestamp&quot;:&quot;0&quot;,&quot;copyright&quot;:&quot;&quot;,&quot;focal_length&quot;:&quot;0&quot;,&quot;iso&quot;:&quot;0&quot;,&quot;shutter_speed&quot;:&quot;0&quot;,&quot;title&quot;:&quot;&quot;,&quot;orientation&quot;:&quot;0&quot;}\" data-image-title=\"pp\" data-image-description=\"\" data-image-caption=\"\" data-medium-file=\"https:\/\/i0.wp.com\/albergueweb1.uva.es\/gir_pangea\/wp-content\/uploads\/2021\/09\/pp.jpg?fit=300%2C300&amp;ssl=1\" data-large-file=\"https:\/\/i0.wp.com\/albergueweb1.uva.es\/gir_pangea\/wp-content\/uploads\/2021\/09\/pp.jpg?fit=640%2C640&amp;ssl=1\" loading=\"lazy\" src=\"https:\/\/i0.wp.com\/albergueweb1.uva.es\/gir_pangea\/wp-content\/uploads\/2021\/09\/pp.jpg?resize=515%2C515\" alt=\"\" class=\"wp-image-1809\" width=\"515\" height=\"515\" srcset=\"https:\/\/i0.wp.com\/albergueweb1.uva.es\/gir_pangea\/wp-content\/uploads\/2021\/09\/pp.jpg?w=640&amp;ssl=1 640w, https:\/\/i0.wp.com\/albergueweb1.uva.es\/gir_pangea\/wp-content\/uploads\/2021\/09\/pp.jpg?resize=300%2C300&amp;ssl=1 300w, https:\/\/i0.wp.com\/albergueweb1.uva.es\/gir_pangea\/wp-content\/uploads\/2021\/09\/pp.jpg?resize=150%2C150&amp;ssl=1 150w, https:\/\/i0.wp.com\/albergueweb1.uva.es\/gir_pangea\/wp-content\/uploads\/2021\/09\/pp.jpg?resize=400%2C400&amp;ssl=1 400w\" sizes=\"(max-width: 515px) 100vw, 515px\" data-recalc-dims=\"1\" \/><\/a><\/figure><\/div>\n\n<div class=\"wp-block-image\">\n<figure class=\"alignleft size-large is-resized\"><a href=\"https:\/\/orcid.org\/0000-0002-7568-3374\"><img data-attachment-id=\"1957\" data-permalink=\"https:\/\/albergueweb1.uva.es\/gir_pangea\/?attachment_id=1957\" data-orig-file=\"https:\/\/i0.wp.com\/albergueweb1.uva.es\/gir_pangea\/wp-content\/uploads\/2023\/03\/ORCID_iD.svg_.png?fit=2048%2C2048&amp;ssl=1\" data-orig-size=\"2048,2048\" data-comments-opened=\"0\" data-image-meta=\"{&quot;aperture&quot;:&quot;0&quot;,&quot;credit&quot;:&quot;&quot;,&quot;camera&quot;:&quot;&quot;,&quot;caption&quot;:&quot;&quot;,&quot;created_timestamp&quot;:&quot;0&quot;,&quot;copyright&quot;:&quot;&quot;,&quot;focal_length&quot;:&quot;0&quot;,&quot;iso&quot;:&quot;0&quot;,&quot;shutter_speed&quot;:&quot;0&quot;,&quot;title&quot;:&quot;&quot;,&quot;orientation&quot;:&quot;0&quot;}\" data-image-title=\"ORCID_iD.svg_\" data-image-description=\"\" data-image-caption=\"\" data-medium-file=\"https:\/\/i0.wp.com\/albergueweb1.uva.es\/gir_pangea\/wp-content\/uploads\/2023\/03\/ORCID_iD.svg_.png?fit=300%2C300&amp;ssl=1\" data-large-file=\"https:\/\/i0.wp.com\/albergueweb1.uva.es\/gir_pangea\/wp-content\/uploads\/2023\/03\/ORCID_iD.svg_.png?fit=640%2C640&amp;ssl=1\" loading=\"lazy\" src=\"https:\/\/i0.wp.com\/albergueweb1.uva.es\/gir_pangea\/wp-content\/uploads\/2023\/03\/ORCID_iD.svg_-1024x1024.png?resize=31%2C31&#038;ssl=1\" alt=\"\" class=\"wp-image-1957\" width=\"31\" height=\"31\" srcset=\"https:\/\/i0.wp.com\/albergueweb1.uva.es\/gir_pangea\/wp-content\/uploads\/2023\/03\/ORCID_iD.svg_.png?resize=1024%2C1024&amp;ssl=1 1024w, https:\/\/i0.wp.com\/albergueweb1.uva.es\/gir_pangea\/wp-content\/uploads\/2023\/03\/ORCID_iD.svg_.png?resize=300%2C300&amp;ssl=1 300w, https:\/\/i0.wp.com\/albergueweb1.uva.es\/gir_pangea\/wp-content\/uploads\/2023\/03\/ORCID_iD.svg_.png?resize=150%2C150&amp;ssl=1 150w, https:\/\/i0.wp.com\/albergueweb1.uva.es\/gir_pangea\/wp-content\/uploads\/2023\/03\/ORCID_iD.svg_.png?resize=768%2C768&amp;ssl=1 768w, https:\/\/i0.wp.com\/albergueweb1.uva.es\/gir_pangea\/wp-content\/uploads\/2023\/03\/ORCID_iD.svg_.png?resize=1536%2C1536&amp;ssl=1 1536w, https:\/\/i0.wp.com\/albergueweb1.uva.es\/gir_pangea\/wp-content\/uploads\/2023\/03\/ORCID_iD.svg_.png?resize=400%2C400&amp;ssl=1 400w, https:\/\/i0.wp.com\/albergueweb1.uva.es\/gir_pangea\/wp-content\/uploads\/2023\/03\/ORCID_iD.svg_.png?w=2048&amp;ssl=1 2048w, https:\/\/i0.wp.com\/albergueweb1.uva.es\/gir_pangea\/wp-content\/uploads\/2023\/03\/ORCID_iD.svg_.png?w=1280 1280w, https:\/\/i0.wp.com\/albergueweb1.uva.es\/gir_pangea\/wp-content\/uploads\/2023\/03\/ORCID_iD.svg_.png?w=1920 1920w\" sizes=\"(max-width: 31px) 100vw, 31px\" data-recalc-dims=\"1\" \/><\/a><figcaption><strong>Perfil ORCID<\/strong><\/figcaption><\/figure><\/div>\n\n<div class=\"wp-block-image\">\n<figure class=\"alignleft size-large is-resized\"><a href=\"https:\/\/www.researchgate.net\/profile\/Rosa-Maria-Pedrosa\"><img data-attachment-id=\"1958\" data-permalink=\"https:\/\/albergueweb1.uva.es\/gir_pangea\/?attachment_id=1958\" data-orig-file=\"https:\/\/i0.wp.com\/albergueweb1.uva.es\/gir_pangea\/wp-content\/uploads\/2023\/03\/1200px-ResearchGate_icon_SVG.svg_.png?fit=1200%2C1200&amp;ssl=1\" data-orig-size=\"1200,1200\" data-comments-opened=\"0\" data-image-meta=\"{&quot;aperture&quot;:&quot;0&quot;,&quot;credit&quot;:&quot;&quot;,&quot;camera&quot;:&quot;&quot;,&quot;caption&quot;:&quot;&quot;,&quot;created_timestamp&quot;:&quot;0&quot;,&quot;copyright&quot;:&quot;&quot;,&quot;focal_length&quot;:&quot;0&quot;,&quot;iso&quot;:&quot;0&quot;,&quot;shutter_speed&quot;:&quot;0&quot;,&quot;title&quot;:&quot;&quot;,&quot;orientation&quot;:&quot;0&quot;}\" data-image-title=\"1200px-ResearchGate_icon_SVG.svg_\" data-image-description=\"\" data-image-caption=\"\" data-medium-file=\"https:\/\/i0.wp.com\/albergueweb1.uva.es\/gir_pangea\/wp-content\/uploads\/2023\/03\/1200px-ResearchGate_icon_SVG.svg_.png?fit=300%2C300&amp;ssl=1\" data-large-file=\"https:\/\/i0.wp.com\/albergueweb1.uva.es\/gir_pangea\/wp-content\/uploads\/2023\/03\/1200px-ResearchGate_icon_SVG.svg_.png?fit=640%2C640&amp;ssl=1\" loading=\"lazy\" src=\"https:\/\/i0.wp.com\/albergueweb1.uva.es\/gir_pangea\/wp-content\/uploads\/2023\/03\/1200px-ResearchGate_icon_SVG.svg_-1024x1024.png?resize=33%2C33&#038;ssl=1\" alt=\"\" class=\"wp-image-1958\" width=\"33\" height=\"33\" srcset=\"https:\/\/i0.wp.com\/albergueweb1.uva.es\/gir_pangea\/wp-content\/uploads\/2023\/03\/1200px-ResearchGate_icon_SVG.svg_.png?resize=1024%2C1024&amp;ssl=1 1024w, https:\/\/i0.wp.com\/albergueweb1.uva.es\/gir_pangea\/wp-content\/uploads\/2023\/03\/1200px-ResearchGate_icon_SVG.svg_.png?resize=300%2C300&amp;ssl=1 300w, https:\/\/i0.wp.com\/albergueweb1.uva.es\/gir_pangea\/wp-content\/uploads\/2023\/03\/1200px-ResearchGate_icon_SVG.svg_.png?resize=150%2C150&amp;ssl=1 150w, https:\/\/i0.wp.com\/albergueweb1.uva.es\/gir_pangea\/wp-content\/uploads\/2023\/03\/1200px-ResearchGate_icon_SVG.svg_.png?resize=768%2C768&amp;ssl=1 768w, https:\/\/i0.wp.com\/albergueweb1.uva.es\/gir_pangea\/wp-content\/uploads\/2023\/03\/1200px-ResearchGate_icon_SVG.svg_.png?resize=400%2C400&amp;ssl=1 400w, https:\/\/i0.wp.com\/albergueweb1.uva.es\/gir_pangea\/wp-content\/uploads\/2023\/03\/1200px-ResearchGate_icon_SVG.svg_.png?w=1200&amp;ssl=1 1200w\" sizes=\"(max-width: 33px) 100vw, 33px\" data-recalc-dims=\"1\" \/><\/a><figcaption><strong>Perfil ResearchGate<\/strong><\/figcaption><\/figure><\/div>\n\n\n<p><\/p>\n\n\n\n<p><\/p>\n\n\n\n<p>Graduada en Geograf\u00eda y Ordenaci\u00f3n del Territorio por la Universidad de Valladolid en 2019, mi trayectoria universitaria ha destacado por la implicaci\u00f3n en la Geograf\u00eda y en mi Departamento. Ejerc\u00ed como tesorera durante varios a\u00f1os en la Asociaci\u00f3n de J\u00f3venes Ge\u00f3grafos de Valladolid (GEOLID). Adem\u00e1s, he formado parte de diferentes \u00f3rganos de representaci\u00f3n estudiantil, como el Consejo de Departamento de Geograf\u00eda.\u00a0<\/p>\n\n\n\n<p>En mi \u00faltimo a\u00f1o de carrera obtuve una Beca de Colaboraci\u00f3n de 6 meses que me permiti\u00f3 iniciarme en la investigaci\u00f3n del Patrimonio Natural, \u00e1mbito en el que he continuado trabajando desde entonces. M\u00e1s adelante, pude trabajar de nuevo en el Departamento como Investigadora, colaborando en un proyecto encargado por el Rector de nuestra Universidad sobre tendencias del alumnado en la Universidad de Valladolid durante 3 meses.&nbsp;<\/p>\n\n\n\n<p>Tras realizar el M\u00e1ster de Profesorado de Educaci\u00f3n Secundaria Obligatoria he trabajado un curso completo como profesora de secundaria de Geograf\u00eda e Historia, lo cual me ha servido para ganar experiencia docente en un \u00e1mbito muy diferente al universitario, mientras he seguido form\u00e1ndome en did\u00e1ctica con la realizaci\u00f3n diversos cursos de especializaci\u00f3n en tecnolog\u00eda educativa, tratamiento transversal de la educaci\u00f3n y problemas y dificultades de aprendizaje. Simult\u00e1neamente, realic\u00e9 pr\u00e1cticas de empresa en la consultora ambiental Geocyl durante 6 meses, adquiriendo nuevas destrezas profesionales en el \u00e1mbito de la geograf\u00eda, como la elaboraci\u00f3n de Estudios de Impacto Ambiental y Planes de estrategia territorial.&nbsp;<\/p>\n\n\n\n<p>En julio de 2021 he obtenido un Contrato Predoctoral de la Universidad de Valladolid, el cual me permite realizar mi tesis doctoral en torno a mis dos pasiones: la geograf\u00eda y la docencia.&nbsp; Mis l\u00edneas de investigaci\u00f3n se centran en el estudio del Patrimonio Natural, concretamente los Lugares de Inter\u00e9s Geomorfol\u00f3gico, para su evaluaci\u00f3n y aplicaci\u00f3n did\u00e1ctica y tur\u00edstica.&nbsp;<\/p>\n\n\n\n<p>Departamento de Geograf\u00eda.<br>Universidad de Valladolid.<br>Facultad de Filosof\u00eda y Letras.<br>Direcci\u00f3n: P\u00ba del Prado de la Magdalena s\/n 47011 Valladolid<br>Email: <a href=\"mailto:serranoe@fyl.uva.es\">rosamaria.ruiz.pedrosa@uva.es<\/a><\/p>\n\n\n\n<p><\/p>\n","protected":false},"excerpt":{"rendered":"<p>Contratada Predoctoral Graduada en Geograf\u00eda y Ordenaci\u00f3n del Territorio por la Universidad de Valladolid en 2019, mi trayectoria universitaria ha destacado por la implicaci\u00f3n en la Geograf\u00eda y en mi Departamento. Ejerc\u00ed como tesorera durante varios a\u00f1os en la Asociaci\u00f3n de J\u00f3venes Ge\u00f3grafos de Valladolid (GEOLID). Adem\u00e1s, he formado parte de diferentes \u00f3rganos de representaci\u00f3n [&hellip;]<\/p>\n","protected":false},"author":1,"featured_media":0,"parent":0,"menu_order":0,"comment_status":"closed","ping_status":"closed","template":"","meta":{"jetpack_post_was_ever_published":false},"jetpack_sharing_enabled":true,"jetpack_shortlink":"https:\/\/wp.me\/P79crb-t7","jetpack-related-posts":[{"id":10,"url":"https:\/\/albergueweb1.uva.es\/gir_pangea\/?page_id=10","url_meta":{"origin":1805,"position":0},"title":"MIEMBROS","date":"14 noviembre, 2011","format":false,"excerpt":"Nombres y apellidosCategor\u00edaInstituci\u00f3nEmailDr. Enrique Serrano Ca\u00f1adasCatedr\u00e1tico Geograf\u00eda F\u00edsicaUVaserranoe@fyl.uva.esDr. Luis Carlos Martinez Fern\u00e1ndezProfesor Titular de An\u00e1lisis Geogr\u00e1fico RegionalUValuiscar@fyl.uva.esDr. Mar\u00eda Teresa Ortega Villaz\u00e1nProfesora Titular, Geograf\u00eda F\u00edsicaUVamaite@fyl.uva.esDr. Carlos Gabriel Morales Rodr\u00edguezProfesor Titular, Geograf\u00eda F\u00edsicaUVacmorales@fyl.uva.esMrs. Rosa Mar\u00eda Ruiz PedrosaContratada PredoctoralUVarosamaria.ruiz.pedrosa@uva.esMr. Luis Ernesto Diez Fari\u00f1asContratado PredoctoralUValuisernesto.diez22@uva.esMr. Adri\u00e1n Mart\u00ednez Fern\u00e1ndezT\u00e9cnico de LaboratorioCENIEHadrian.martinez@cenieh.esDr. Alfonso Pisabarro P\u00e9rezProfesor Contratado\u2026","rel":"","context":"Entrada similar","img":{"alt_text":"","src":"https:\/\/i0.wp.com\/albergueweb1.uva.es\/gir_pangea\/wp-content\/uploads\/2023\/09\/WhatsApp-Image-2023-09-25-at-13.24.18.jpeg?resize=350%2C200&ssl=1","width":350,"height":200},"classes":[]},{"id":2001,"url":"https:\/\/albergueweb1.uva.es\/gir_pangea\/?page_id=2001","url_meta":{"origin":1805,"position":1},"title":"Luis Ernesto Diez Fari\u00f1as","date":"25 septiembre, 2023","format":false,"excerpt":"Contratado Predoctoral Perfil ORCID Perfil ResearchGate Licenciado en Geograf\u00eda por la Universidad de La Habana, ha sido profesor instructor en las asignaturas de Meteorolog\u00eda \u2013 Climatolog\u00eda y Geograf\u00eda de los suelos (2020-2021). M\u00e1ster en Tecnolog\u00eda Ambiental por la Universidad de Huelva y la Universidad Internacional de Andaluc\u00eda. Ha sido personal\u2026","rel":"","context":"Entrada similar","img":{"alt_text":"","src":"https:\/\/i0.wp.com\/albergueweb1.uva.es\/gir_pangea\/wp-content\/uploads\/2023\/09\/foto-1.jpg?resize=350%2C200&ssl=1","width":350,"height":200},"classes":[]},{"id":246,"url":"https:\/\/albergueweb1.uva.es\/gir_pangea\/?page_id=246","url_meta":{"origin":1805,"position":2},"title":"Purificaci\u00f3n Ruiz Fla\u00f1o","date":"11 enero, 2012","format":false,"excerpt":"Profesora Titular, Geograf\u00eda F\u00edsica. Departamento de Ciencias Humanas Universidad de La Rioja Email: purificacion.ruiz@unirioja.es Perfil ORCID","rel":"","context":"Entrada similar","img":{"alt_text":"","src":"https:\/\/i0.wp.com\/albergueweb1.uva.es\/gir_pangea\/wp-content\/uploads\/2023\/03\/ORCID_iD.svg_.png?resize=350%2C200&ssl=1","width":350,"height":200},"classes":[]},{"id":270,"url":"https:\/\/albergueweb1.uva.es\/gir_pangea\/?page_id=270","url_meta":{"origin":1805,"position":3},"title":"M.J. Gonzalez Amuchastegui","date":"12 enero, 2012","format":false,"excerpt":"cva_Fecyt_resumido_MJGlezAmuchasteguiDescarga Profesora Titular, Geograf\u00eda F\u00edsica. Departamento de Geograf\u00eda UNED Facultad de Geograf\u00eda e Historia Direcci\u00f3n: Paseo\u00a0\u00a0Senda del Rey, 7 Edificio de Humanidades, 4\u00aa y 5\u00aa planta 28040 - Madrid Email: mj.gonzalezamu@geo.uned.es Telefono: (+34) 91398-9004 Perfil ORCID Perfil ResearchGate","rel":"","context":"Entrada similar","img":{"alt_text":"","src":"https:\/\/i0.wp.com\/albergueweb1.uva.es\/gir_pangea\/wp-content\/uploads\/2023\/03\/ORCID_iD.svg_.png?resize=350%2C200&ssl=1","width":350,"height":200},"classes":[]},{"id":1897,"url":"https:\/\/albergueweb1.uva.es\/gir_pangea\/?page_id=1897","url_meta":{"origin":1805,"position":4},"title":"Carlos Morales Rodr\u00edguez","date":"29 agosto, 2022","format":false,"excerpt":"Facultad de Filosof\u00eda y LetrasPlaza del Campus Universitario s\/n.47011, Valladolid.Tfno: 983-186584carlos.morales@uva.es Perfil ORCID Perfil ResearchGate","rel":"","context":"Entrada similar","img":{"alt_text":"","src":"https:\/\/i0.wp.com\/albergueweb1.uva.es\/gir_pangea\/wp-content\/uploads\/2022\/08\/carlos_morales_web.jpg?resize=350%2C200&ssl=1","width":350,"height":200},"classes":[]},{"id":1903,"url":"https:\/\/albergueweb1.uva.es\/gir_pangea\/?page_id=1903","url_meta":{"origin":1805,"position":5},"title":"Maite Ortega Villaz\u00e1n","date":"29 agosto, 2022","format":false,"excerpt":"Facultad de Filosof\u00eda y LetrasPlaza del Campus Universitario s\/n.47011, Valladolid.Tfno: 983-186577maite@uva.es Perfil ORCID Perfil ResearchGate","rel":"","context":"Entrada similar","img":{"alt_text":"","src":"https:\/\/i0.wp.com\/albergueweb1.uva.es\/gir_pangea\/wp-content\/uploads\/2022\/08\/Maite_web.jpg?resize=350%2C200&ssl=1","width":350,"height":200},"classes":[]}],"_links":{"self":[{"href":"https:\/\/albergueweb1.uva.es\/gir_pangea\/index.php?rest_route=\/wp\/v2\/pages\/1805"}],"collection":[{"href":"https:\/\/albergueweb1.uva.es\/gir_pangea\/index.php?rest_route=\/wp\/v2\/pages"}],"about":[{"href":"https:\/\/albergueweb1.uva.es\/gir_pangea\/index.php?rest_route=\/wp\/v2\/types\/page"}],"author":[{"embeddable":true,"href":"https:\/\/albergueweb1.uva.es\/gir_pangea\/index.php?rest_route=\/wp\/v2\/users\/1"}],"replies":[{"embeddable":true,"href":"https:\/\/albergueweb1.uva.es\/gir_pangea\/index.php?rest_route=%2Fwp%2Fv2%2Fcomments&post=1805"}],"version-history":[{"count":10,"href":"https:\/\/albergueweb1.uva.es\/gir_pangea\/index.php?rest_route=\/wp\/v2\/pages\/1805\/revisions"}],"predecessor-version":[{"id":2000,"href":"https:\/\/albergueweb1.uva.es\/gir_pangea\/index.php?rest_route=\/wp\/v2\/pages\/1805\/revisions\/2000"}],"wp:attachment":[{"href":"https:\/\/albergueweb1.uva.es\/gir_pangea\/index.php?rest_route=%2Fwp%2Fv2%2Fmedia&parent=1805"}],"curies":[{"name":"wp","href":"https:\/\/api.w.org\/{rel}","templated":true}]}}