{"id":2001,"date":"2023-09-25T10:55:07","date_gmt":"2023-09-25T10:55:07","guid":{"rendered":"https:\/\/albergueweb1.uva.es\/gir_pangea\/?page_id=2001"},"modified":"2023-09-25T10:55:07","modified_gmt":"2023-09-25T10:55:07","slug":"luis-ernesto-diez-farinas","status":"publish","type":"page","link":"https:\/\/albergueweb1.uva.es\/gir_pangea\/?page_id=2001","title":{"rendered":"Luis Ernesto Diez Fari\u00f1as"},"content":{"rendered":"\n<p><\/p>\n\n\n\n<p>Contratado Predoctoral<\/p>\n\n\n\n<figure class=\"wp-block-image size-full is-resized\"><a href=\"https:\/\/i0.wp.com\/albergueweb1.uva.es\/gir_pangea\/wp-content\/uploads\/2023\/09\/foto-1.jpg?ssl=1\"><img data-attachment-id=\"2002\" data-permalink=\"https:\/\/albergueweb1.uva.es\/gir_pangea\/?attachment_id=2002\" data-orig-file=\"https:\/\/i0.wp.com\/albergueweb1.uva.es\/gir_pangea\/wp-content\/uploads\/2023\/09\/foto-1.jpg?fit=566%2C688&amp;ssl=1\" data-orig-size=\"566,688\" data-comments-opened=\"0\" data-image-meta=\"{&quot;aperture&quot;:&quot;0&quot;,&quot;credit&quot;:&quot;&quot;,&quot;camera&quot;:&quot;&quot;,&quot;caption&quot;:&quot;&quot;,&quot;created_timestamp&quot;:&quot;0&quot;,&quot;copyright&quot;:&quot;&quot;,&quot;focal_length&quot;:&quot;0&quot;,&quot;iso&quot;:&quot;0&quot;,&quot;shutter_speed&quot;:&quot;0&quot;,&quot;title&quot;:&quot;&quot;,&quot;orientation&quot;:&quot;1&quot;}\" data-image-title=\"foto-1\" data-image-description=\"\" data-image-caption=\"\" data-medium-file=\"https:\/\/i0.wp.com\/albergueweb1.uva.es\/gir_pangea\/wp-content\/uploads\/2023\/09\/foto-1.jpg?fit=247%2C300&amp;ssl=1\" data-large-file=\"https:\/\/i0.wp.com\/albergueweb1.uva.es\/gir_pangea\/wp-content\/uploads\/2023\/09\/foto-1.jpg?fit=566%2C688&amp;ssl=1\" loading=\"lazy\" src=\"https:\/\/i0.wp.com\/albergueweb1.uva.es\/gir_pangea\/wp-content\/uploads\/2023\/09\/foto-1.jpg?resize=332%2C404&#038;ssl=1\" alt=\"\" class=\"wp-image-2002\" width=\"332\" height=\"404\" srcset=\"https:\/\/i0.wp.com\/albergueweb1.uva.es\/gir_pangea\/wp-content\/uploads\/2023\/09\/foto-1.jpg?w=566&amp;ssl=1 566w, https:\/\/i0.wp.com\/albergueweb1.uva.es\/gir_pangea\/wp-content\/uploads\/2023\/09\/foto-1.jpg?resize=247%2C300&amp;ssl=1 247w\" sizes=\"(max-width: 332px) 100vw, 332px\" data-recalc-dims=\"1\" \/><\/a><\/figure>\n\n\n<div class=\"wp-block-image\">\n<figure class=\"alignleft size-large is-resized\"><a href=\"http:\/\/orcid.org\/0000-0003-0764-0943\"><img data-attachment-id=\"1957\" data-permalink=\"https:\/\/albergueweb1.uva.es\/gir_pangea\/?attachment_id=1957\" data-orig-file=\"https:\/\/i0.wp.com\/albergueweb1.uva.es\/gir_pangea\/wp-content\/uploads\/2023\/03\/ORCID_iD.svg_.png?fit=2048%2C2048&amp;ssl=1\" data-orig-size=\"2048,2048\" data-comments-opened=\"0\" data-image-meta=\"{&quot;aperture&quot;:&quot;0&quot;,&quot;credit&quot;:&quot;&quot;,&quot;camera&quot;:&quot;&quot;,&quot;caption&quot;:&quot;&quot;,&quot;created_timestamp&quot;:&quot;0&quot;,&quot;copyright&quot;:&quot;&quot;,&quot;focal_length&quot;:&quot;0&quot;,&quot;iso&quot;:&quot;0&quot;,&quot;shutter_speed&quot;:&quot;0&quot;,&quot;title&quot;:&quot;&quot;,&quot;orientation&quot;:&quot;0&quot;}\" data-image-title=\"ORCID_iD.svg_\" data-image-description=\"\" data-image-caption=\"\" data-medium-file=\"https:\/\/i0.wp.com\/albergueweb1.uva.es\/gir_pangea\/wp-content\/uploads\/2023\/03\/ORCID_iD.svg_.png?fit=300%2C300&amp;ssl=1\" data-large-file=\"https:\/\/i0.wp.com\/albergueweb1.uva.es\/gir_pangea\/wp-content\/uploads\/2023\/03\/ORCID_iD.svg_.png?fit=640%2C640&amp;ssl=1\" loading=\"lazy\" src=\"https:\/\/i0.wp.com\/albergueweb1.uva.es\/gir_pangea\/wp-content\/uploads\/2023\/03\/ORCID_iD.svg_-1024x1024.png?resize=31%2C31&#038;ssl=1\" alt=\"\" class=\"wp-image-1957\" width=\"31\" height=\"31\" srcset=\"https:\/\/i0.wp.com\/albergueweb1.uva.es\/gir_pangea\/wp-content\/uploads\/2023\/03\/ORCID_iD.svg_.png?resize=1024%2C1024&amp;ssl=1 1024w, https:\/\/i0.wp.com\/albergueweb1.uva.es\/gir_pangea\/wp-content\/uploads\/2023\/03\/ORCID_iD.svg_.png?resize=300%2C300&amp;ssl=1 300w, https:\/\/i0.wp.com\/albergueweb1.uva.es\/gir_pangea\/wp-content\/uploads\/2023\/03\/ORCID_iD.svg_.png?resize=150%2C150&amp;ssl=1 150w, https:\/\/i0.wp.com\/albergueweb1.uva.es\/gir_pangea\/wp-content\/uploads\/2023\/03\/ORCID_iD.svg_.png?resize=768%2C768&amp;ssl=1 768w, https:\/\/i0.wp.com\/albergueweb1.uva.es\/gir_pangea\/wp-content\/uploads\/2023\/03\/ORCID_iD.svg_.png?resize=1536%2C1536&amp;ssl=1 1536w, https:\/\/i0.wp.com\/albergueweb1.uva.es\/gir_pangea\/wp-content\/uploads\/2023\/03\/ORCID_iD.svg_.png?resize=400%2C400&amp;ssl=1 400w, https:\/\/i0.wp.com\/albergueweb1.uva.es\/gir_pangea\/wp-content\/uploads\/2023\/03\/ORCID_iD.svg_.png?w=2048&amp;ssl=1 2048w, https:\/\/i0.wp.com\/albergueweb1.uva.es\/gir_pangea\/wp-content\/uploads\/2023\/03\/ORCID_iD.svg_.png?w=1280 1280w, https:\/\/i0.wp.com\/albergueweb1.uva.es\/gir_pangea\/wp-content\/uploads\/2023\/03\/ORCID_iD.svg_.png?w=1920 1920w\" sizes=\"(max-width: 31px) 100vw, 31px\" data-recalc-dims=\"1\" \/><\/a><figcaption><strong>Perfil ORCID<\/strong><\/figcaption><\/figure><\/div>\n\n<div class=\"wp-block-image\">\n<figure class=\"alignleft size-large is-resized\"><a href=\"https:\/\/www.researchgate.net\/profile\/Luis-Ernesto-Diez-Farinas\/interest\"><img data-attachment-id=\"1958\" data-permalink=\"https:\/\/albergueweb1.uva.es\/gir_pangea\/?attachment_id=1958\" data-orig-file=\"https:\/\/i0.wp.com\/albergueweb1.uva.es\/gir_pangea\/wp-content\/uploads\/2023\/03\/1200px-ResearchGate_icon_SVG.svg_.png?fit=1200%2C1200&amp;ssl=1\" data-orig-size=\"1200,1200\" data-comments-opened=\"0\" data-image-meta=\"{&quot;aperture&quot;:&quot;0&quot;,&quot;credit&quot;:&quot;&quot;,&quot;camera&quot;:&quot;&quot;,&quot;caption&quot;:&quot;&quot;,&quot;created_timestamp&quot;:&quot;0&quot;,&quot;copyright&quot;:&quot;&quot;,&quot;focal_length&quot;:&quot;0&quot;,&quot;iso&quot;:&quot;0&quot;,&quot;shutter_speed&quot;:&quot;0&quot;,&quot;title&quot;:&quot;&quot;,&quot;orientation&quot;:&quot;0&quot;}\" data-image-title=\"1200px-ResearchGate_icon_SVG.svg_\" data-image-description=\"\" data-image-caption=\"\" data-medium-file=\"https:\/\/i0.wp.com\/albergueweb1.uva.es\/gir_pangea\/wp-content\/uploads\/2023\/03\/1200px-ResearchGate_icon_SVG.svg_.png?fit=300%2C300&amp;ssl=1\" data-large-file=\"https:\/\/i0.wp.com\/albergueweb1.uva.es\/gir_pangea\/wp-content\/uploads\/2023\/03\/1200px-ResearchGate_icon_SVG.svg_.png?fit=640%2C640&amp;ssl=1\" loading=\"lazy\" src=\"https:\/\/i0.wp.com\/albergueweb1.uva.es\/gir_pangea\/wp-content\/uploads\/2023\/03\/1200px-ResearchGate_icon_SVG.svg_-1024x1024.png?resize=33%2C33&#038;ssl=1\" alt=\"\" class=\"wp-image-1958\" width=\"33\" height=\"33\" srcset=\"https:\/\/i0.wp.com\/albergueweb1.uva.es\/gir_pangea\/wp-content\/uploads\/2023\/03\/1200px-ResearchGate_icon_SVG.svg_.png?resize=1024%2C1024&amp;ssl=1 1024w, https:\/\/i0.wp.com\/albergueweb1.uva.es\/gir_pangea\/wp-content\/uploads\/2023\/03\/1200px-ResearchGate_icon_SVG.svg_.png?resize=300%2C300&amp;ssl=1 300w, https:\/\/i0.wp.com\/albergueweb1.uva.es\/gir_pangea\/wp-content\/uploads\/2023\/03\/1200px-ResearchGate_icon_SVG.svg_.png?resize=150%2C150&amp;ssl=1 150w, https:\/\/i0.wp.com\/albergueweb1.uva.es\/gir_pangea\/wp-content\/uploads\/2023\/03\/1200px-ResearchGate_icon_SVG.svg_.png?resize=768%2C768&amp;ssl=1 768w, https:\/\/i0.wp.com\/albergueweb1.uva.es\/gir_pangea\/wp-content\/uploads\/2023\/03\/1200px-ResearchGate_icon_SVG.svg_.png?resize=400%2C400&amp;ssl=1 400w, https:\/\/i0.wp.com\/albergueweb1.uva.es\/gir_pangea\/wp-content\/uploads\/2023\/03\/1200px-ResearchGate_icon_SVG.svg_.png?w=1200&amp;ssl=1 1200w\" sizes=\"(max-width: 33px) 100vw, 33px\" data-recalc-dims=\"1\" \/><\/a><figcaption><strong>Perfil ResearchGate<\/strong><\/figcaption><\/figure><\/div>\n\n\n<p><\/p>\n\n\n\n<p><\/p>\n\n\n\n<p><\/p>\n\n\n\n<p>Licenciado en Geograf\u00eda por la Universidad de La Habana, ha sido profesor instructor en las asignaturas de Meteorolog\u00eda \u2013 Climatolog\u00eda y Geograf\u00eda de los suelos (2020-2021). M\u00e1ster en Tecnolog\u00eda Ambiental por la Universidad de Huelva y la Universidad Internacional de Andaluc\u00eda. Ha sido personal investigador de la Universitat Jaume I en tem\u00e1ticas ambientales y aplicaci\u00f3n de los Sistemas de Informaci\u00f3n Geogr\u00e1ficas (SIG). Las l\u00edneas de investigaci\u00f3n han estado vinculadas a tem\u00e1ticas ambientales, educaci\u00f3n ambiental e implementaci\u00f3n de los SIG en procesos ecosist\u00e9micos del suelo.<\/p>\n\n\n\n<p>En junio de 2023 he obtenido un Contrato Predoctoral por la Universidad de Valladolid, permiti\u00e9ndome realizar la tesis doctoral en Geomorfolog\u00eda Glaciar y seguir los pasos en la docencia. Miembro del GIR-PANGEA: patrimonio Natural y Geograf\u00eda Aplicada.<\/p>\n\n\n\n<p>Departamento de Geograf\u00eda.<br>Universidad de Valladolid.<br>Facultad de Filosof\u00eda y Letras.<br>Direcci\u00f3n: P\u00ba del Prado de la Magdalena s\/n 47011 Valladolid<br>Email: <a href=\"mailto:luisernesto.diez22@uva.es\">luisernesto.diez22@uva.es<\/a><\/p>\n","protected":false},"excerpt":{"rendered":"<p>Contratado Predoctoral Licenciado en Geograf\u00eda por la Universidad de La Habana, ha sido profesor instructor en las asignaturas de Meteorolog\u00eda \u2013 Climatolog\u00eda y Geograf\u00eda de los suelos (2020-2021). M\u00e1ster en Tecnolog\u00eda Ambiental por la Universidad de Huelva y la Universidad Internacional de Andaluc\u00eda. Ha sido personal investigador de la Universitat Jaume I en tem\u00e1ticas ambientales [&hellip;]<\/p>\n","protected":false},"author":1,"featured_media":0,"parent":0,"menu_order":0,"comment_status":"closed","ping_status":"closed","template":"","meta":{"jetpack_post_was_ever_published":false},"jetpack_sharing_enabled":true,"jetpack_shortlink":"https:\/\/wp.me\/P79crb-wh","jetpack-related-posts":[{"id":10,"url":"https:\/\/albergueweb1.uva.es\/gir_pangea\/?page_id=10","url_meta":{"origin":2001,"position":0},"title":"MIEMBROS","date":"14 noviembre, 2011","format":false,"excerpt":"Nombres y apellidosCategor\u00edaInstituci\u00f3nEmailDr. Enrique Serrano Ca\u00f1adasCatedr\u00e1tico Geograf\u00eda F\u00edsicaUVaserranoe@fyl.uva.esDr. Luis Carlos Martinez Fern\u00e1ndezProfesor Titular de An\u00e1lisis Geogr\u00e1fico RegionalUValuiscar@fyl.uva.esDr. Mar\u00eda Teresa Ortega Villaz\u00e1nProfesora Titular, Geograf\u00eda F\u00edsicaUVamaite@fyl.uva.esDr. Carlos Gabriel Morales Rodr\u00edguezProfesor Titular, Geograf\u00eda F\u00edsicaUVacmorales@fyl.uva.esMrs. Rosa Mar\u00eda Ruiz PedrosaContratada PredoctoralUVarosamaria.ruiz.pedrosa@uva.esMr. Luis Ernesto Diez Fari\u00f1asContratado PredoctoralUValuisernesto.diez22@uva.esMr. Adri\u00e1n Mart\u00ednez Fern\u00e1ndezT\u00e9cnico de LaboratorioCENIEHadrian.martinez@cenieh.esDr. Alfonso Pisabarro P\u00e9rezProfesor Contratado\u2026","rel":"","context":"Entrada similar","img":{"alt_text":"","src":"https:\/\/i0.wp.com\/albergueweb1.uva.es\/gir_pangea\/wp-content\/uploads\/2023\/09\/WhatsApp-Image-2023-09-25-at-13.24.18.jpeg?resize=350%2C200&ssl=1","width":350,"height":200},"classes":[]},{"id":1113,"url":"https:\/\/albergueweb1.uva.es\/gir_pangea\/?page_id=1113","url_meta":{"origin":2001,"position":1},"title":"LUIS JORD\u00c1 BORDEHORE","date":"20 febrero, 2017","format":false,"excerpt":"Profesor Contratado Doctor Departamento de Ingenier\u00eda y morfolog\u00eda del terreno Universidad Polit\u00e9cnica de Madrid E-mail: l.jorda@upm.es Tel\u00e9fono: 910674278 Perfil ORCID Perfil ResearchGate","rel":"","context":"Entrada similar","img":{"alt_text":"","src":"https:\/\/i0.wp.com\/albergueweb1.uva.es\/gir_pangea\/wp-content\/uploads\/2023\/03\/ORCID_iD.svg_.png?resize=350%2C200&ssl=1","width":350,"height":200},"classes":[]},{"id":71,"url":"https:\/\/albergueweb1.uva.es\/gir_pangea\/?page_id=71","url_meta":{"origin":2001,"position":2},"title":"Ram\u00f3n Pellitero Ondicol","date":"8 diciembre, 2011","format":false,"excerpt":"Profesor Contratado Doctor Facultad de Geograf\u00eda e Historia Universidad Nacional de Educaci\u00f3n a Distancia (UNED) rpellitero@geo.uned.es (+34) 91398-6727 Perfil ORCID Perfil ResearchGate \u00a0 \u00a0","rel":"","context":"Entrada similar","img":{"alt_text":"","src":"https:\/\/i0.wp.com\/albergueweb1.uva.es\/gir_pangea\/wp-content\/uploads\/2023\/03\/ORCID_iD.svg_.png?resize=350%2C200&ssl=1","width":350,"height":200},"classes":[]},{"id":373,"url":"https:\/\/albergueweb1.uva.es\/gir_pangea\/?page_id=373","url_meta":{"origin":2001,"position":3},"title":"Luis Carlos Martinez Fern\u00e1ndez","date":"16 enero, 2012","format":false,"excerpt":"Profesor Titular de An\u00e1lisis Geogr\u00e1fico Regional Departamento de Geograf\u00eda. Universidad de Valladolid. Facultad de Filosof\u00eda y Letras. Direcci\u00f3n: P\u00ba del Prado de la Magdalena s\/n 47011 Valladolid Email: luiscar@fyl.uva.es Perfil ORCID Perfil ResearchGate","rel":"","context":"Entrada similar","img":{"alt_text":"","src":"https:\/\/i0.wp.com\/albergueweb1.uva.es\/gir_pangea\/wp-content\/uploads\/2023\/03\/ORCID_iD.svg_.png?resize=350%2C200&ssl=1","width":350,"height":200},"classes":[]},{"id":1805,"url":"https:\/\/albergueweb1.uva.es\/gir_pangea\/?page_id=1805","url_meta":{"origin":2001,"position":4},"title":"Rosa Mar\u00eda Ruiz Pedrosa","date":"30 septiembre, 2021","format":false,"excerpt":"Contratada Predoctoral Perfil ORCID Perfil ResearchGate Graduada en Geograf\u00eda y Ordenaci\u00f3n del Territorio por la Universidad de Valladolid en 2019, mi trayectoria universitaria ha destacado por la implicaci\u00f3n en la Geograf\u00eda y en mi Departamento. Ejerc\u00ed como tesorera durante varios a\u00f1os en la Asociaci\u00f3n de J\u00f3venes Ge\u00f3grafos de Valladolid (GEOLID).\u2026","rel":"","context":"Entrada similar","img":{"alt_text":"","src":"https:\/\/i0.wp.com\/albergueweb1.uva.es\/gir_pangea\/wp-content\/uploads\/2021\/09\/pp.jpg?resize=350%2C200&ssl=1","width":350,"height":200},"classes":[]},{"id":1897,"url":"https:\/\/albergueweb1.uva.es\/gir_pangea\/?page_id=1897","url_meta":{"origin":2001,"position":5},"title":"Carlos Morales Rodr\u00edguez","date":"29 agosto, 2022","format":false,"excerpt":"Facultad de Filosof\u00eda y LetrasPlaza del Campus Universitario s\/n.47011, Valladolid.Tfno: 983-186584carlos.morales@uva.es Perfil ORCID Perfil ResearchGate","rel":"","context":"Entrada similar","img":{"alt_text":"","src":"https:\/\/i0.wp.com\/albergueweb1.uva.es\/gir_pangea\/wp-content\/uploads\/2022\/08\/carlos_morales_web.jpg?resize=350%2C200&ssl=1","width":350,"height":200},"classes":[]}],"_links":{"self":[{"href":"https:\/\/albergueweb1.uva.es\/gir_pangea\/index.php?rest_route=\/wp\/v2\/pages\/2001"}],"collection":[{"href":"https:\/\/albergueweb1.uva.es\/gir_pangea\/index.php?rest_route=\/wp\/v2\/pages"}],"about":[{"href":"https:\/\/albergueweb1.uva.es\/gir_pangea\/index.php?rest_route=\/wp\/v2\/types\/page"}],"author":[{"embeddable":true,"href":"https:\/\/albergueweb1.uva.es\/gir_pangea\/index.php?rest_route=\/wp\/v2\/users\/1"}],"replies":[{"embeddable":true,"href":"https:\/\/albergueweb1.uva.es\/gir_pangea\/index.php?rest_route=%2Fwp%2Fv2%2Fcomments&post=2001"}],"version-history":[{"count":1,"href":"https:\/\/albergueweb1.uva.es\/gir_pangea\/index.php?rest_route=\/wp\/v2\/pages\/2001\/revisions"}],"predecessor-version":[{"id":2004,"href":"https:\/\/albergueweb1.uva.es\/gir_pangea\/index.php?rest_route=\/wp\/v2\/pages\/2001\/revisions\/2004"}],"wp:attachment":[{"href":"https:\/\/albergueweb1.uva.es\/gir_pangea\/index.php?rest_route=%2Fwp%2Fv2%2Fmedia&parent=2001"}],"curies":[{"name":"wp","href":"https:\/\/api.w.org\/{rel}","templated":true}]}}